{"id":139,"date":"2024-06-26T05:41:24","date_gmt":"2024-06-26T05:41:24","guid":{"rendered":"https:\/\/www.amema-hdf.fr\/?page_id=139"},"modified":"2024-09-19T05:52:00","modified_gmt":"2024-09-19T05:52:00","slug":"qui-sommes-nous","status":"publish","type":"page","link":"https:\/\/www.amema-hdf.fr\/bienvenue\/qui-sommes-nous\/","title":{"rendered":"Qui sommes-nous"},"content":{"rendered":"\t\t<div data-elementor-type=\"wp-page\" data-elementor-id=\"139\" class=\"elementor elementor-139\">\n\t\t\t\t\t\t<section class=\"elementor-section elementor-top-section elementor-element elementor-element-0ffb8ea elementor-section-boxed elementor-section-height-default elementor-section-height-default\" data-id=\"0ffb8ea\" data-element_type=\"section\" data-e-type=\"section\">\n\t\t\t\t\t\t<div class=\"elementor-container elementor-column-gap-default\">\n\t\t\t\t\t<div class=\"elementor-column elementor-col-100 elementor-top-column elementor-element elementor-element-0961e75\" data-id=\"0961e75\" data-element_type=\"column\" data-e-type=\"column\">\n\t\t\t<div class=\"elementor-widget-wrap elementor-element-populated\">\n\t\t\t\t\t\t<div class=\"elementor-element elementor-element-998031c elementor-widget elementor-widget-spacer\" data-id=\"998031c\" data-element_type=\"widget\" data-e-type=\"widget\" data-widget_type=\"spacer.default\">\n\t\t\t\t<div class=\"elementor-widget-container\">\n\t\t\t\t\t\t\t<div class=\"elementor-spacer\">\n\t\t\t<div class=\"elementor-spacer-inner\"><\/div>\n\t\t<\/div>\n\t\t\t\t\t\t<\/div>\n\t\t\t\t<\/div>\n\t\t\t\t\t<\/div>\n\t\t<\/div>\n\t\t\t\t\t<\/div>\n\t\t<\/section>\n\t\t\t\t<section class=\"elementor-section elementor-top-section elementor-element elementor-element-23cdf9e elementor-section-boxed elementor-section-height-default elementor-section-height-default\" data-id=\"23cdf9e\" data-element_type=\"section\" data-e-type=\"section\">\n\t\t\t\t\t\t<div class=\"elementor-container elementor-column-gap-default\">\n\t\t\t\t\t<div class=\"elementor-column elementor-col-50 elementor-top-column elementor-element elementor-element-287c812\" data-id=\"287c812\" data-element_type=\"column\" data-e-type=\"column\">\n\t\t\t<div class=\"elementor-widget-wrap elementor-element-populated\">\n\t\t\t\t\t\t<div class=\"elementor-element elementor-element-72c9744 elementor-widget elementor-widget-text-editor\" data-id=\"72c9744\" data-element_type=\"widget\" data-e-type=\"widget\" data-widget_type=\"text-editor.default\">\n\t\t\t\t<div class=\"elementor-widget-container\">\n\t\t\t\t\t\t\t\t\t<p><span style=\"font-weight: 400; color: #000000;\"><strong>AMEMA<\/strong> est n\u00e9e du d\u00e9sir de mettre en relation des animaux et des personnes en difficult\u00e9 (enfants, personnes \u00e2g\u00e9es, personnes en situation de handicap\u2026), pour cr\u00e9er un \u00e9change dans le respect du bien \u00eatre des uns comme des autres.<\/span><\/p><p><span style=\"font-weight: 400; color: #000000;\">Une approche bas\u00e9e sur la m\u00e9diation par l\u2019animal pouvant s\u2019inscrire dans un accompagnement social ou une offre de soin.<\/span><\/p><p><span style=\"font-weight: 400; color: #000000;\">Cr\u00e9\u00e9e en 2022, AMEMA, association de loi 1901, propose des prestations autour de l\u2019animal\u00a0:<\/span><\/p><p><span style=\"color: #000000;\"><span style=\"font-weight: 400;\">des s\u00e9ances d\u2019<\/span><b>\u00e9ducation et de r\u00e9\u00e9ducation canine, <\/b><span style=\"font-weight: 400;\">pour ceux qui souhaitent am\u00e9liorer leur relation avec leur chien et\/ou modifier un comportement g\u00eanant.<\/span><\/span><\/p><p><span style=\"color: #000000;\"><span style=\"font-weight: 400;\">des s\u00e9ances de <\/span><b>m\u00e9diation par l&rsquo;animal<\/b><span style=\"font-weight: 400;\">, individuelles ou en groupe, pour les particuliers comme pour les institutions.\u00a0<\/span><\/span><\/p><p><span style=\"font-weight: 400; color: #000000;\">L\u2019association rassemble des professionnels form\u00e9s dans le domaine du social, de l\u2019animation, de la m\u00e9diation animale et du comportementalisme canin.\u00a0<\/span><\/p><p><span style=\"font-weight: 400; color: #000000;\">La qualification de l\u2019intervenant est d\u00e9finie par son cursus personnel et professionnel dans le champ d\u2019intervention annonc\u00e9 : animation, programme \u00e9ducatif, social, th\u00e9rapeutique\u2026<\/span><\/p><p><span style=\"font-weight: 400; color: #000000;\">L\u2019intervenant inscrit son parcours dans un contexte \u00e9thique de la pratique de la m\u00e9diation animale.\u00a0<\/span><\/p>\t\t\t\t\t\t\t\t<\/div>\n\t\t\t\t<\/div>\n\t\t\t\t\t<\/div>\n\t\t<\/div>\n\t\t\t\t<div class=\"elementor-column elementor-col-50 elementor-top-column elementor-element elementor-element-74de5fc\" data-id=\"74de5fc\" data-element_type=\"column\" data-e-type=\"column\" data-settings=\"{&quot;background_background&quot;:&quot;classic&quot;}\">\n\t\t\t<div class=\"elementor-widget-wrap elementor-element-populated\">\n\t\t\t\t\t\t<div class=\"elementor-element elementor-element-2b66e58 elementor-widget elementor-widget-text-editor\" data-id=\"2b66e58\" data-element_type=\"widget\" data-e-type=\"widget\" data-widget_type=\"text-editor.default\">\n\t\t\t\t<div class=\"elementor-widget-container\">\n\t\t\t\t\t\t\t\t\t<p><b>Nos valeurs fondamentales :<\/b><\/p>\t\t\t\t\t\t\t\t<\/div>\n\t\t\t\t<\/div>\n\t\t\t\t<div class=\"elementor-element elementor-element-f2134d7 elementor-widget elementor-widget-text-editor\" data-id=\"f2134d7\" data-element_type=\"widget\" data-e-type=\"widget\" data-widget_type=\"text-editor.default\">\n\t\t\t\t<div class=\"elementor-widget-container\">\n\t\t\t\t\t\t\t\t\t<p><b>La bienveillance, <\/b><span style=\"font-weight: 400;\">il est important de travailler en \u00ab douceur \u00bb, respecter le rythme\u00a0<\/span><span style=\"font-weight: 400;\">de chacun, de s\u2019adapter \u00e0 chaque personnalit\u00e9.\u00a0<\/span><\/p><p><b>L\u2019\u00e9coute, <\/b><span style=\"font-weight: 400;\">\u00eatre attentif aux besoins des personnes, prendre le temps.\u00a0<\/span><\/p><p><b>Le soutien aux personnes fragiles <\/b><span style=\"font-weight: 400;\">(publics en difficult\u00e9, enfants en situation affective pr\u00e9caire, personnes \u00e2g\u00e9es et\/ou d\u00e9pendantes, personnes en situation de handicap\u2026).\u00a0<\/span><\/p><p><b>Le bien-\u00eatre<\/b><span style=\"font-weight: 400;\"> des b\u00e9n\u00e9ficiaires, des animaux et des intervenants<br \/><\/span><\/p><p><b>Le respect\u00a0de l\u2019individualit\u00e9<\/b><span style=\"font-weight: 400;\">\u00a0de chaque \u00eatre, qu\u2019il soit humain ou animal<\/span><\/p>\t\t\t\t\t\t\t\t<\/div>\n\t\t\t\t<\/div>\n\t\t\t\t\t<\/div>\n\t\t<\/div>\n\t\t\t\t\t<\/div>\n\t\t<\/section>\n\t\t\t\t<section class=\"elementor-section elementor-top-section elementor-element elementor-element-7130990 elementor-section-boxed elementor-section-height-default elementor-section-height-default\" data-id=\"7130990\" data-element_type=\"section\" data-e-type=\"section\">\n\t\t\t\t\t\t<div class=\"elementor-container elementor-column-gap-default\">\n\t\t\t\t\t<div class=\"elementor-column elementor-col-100 elementor-top-column elementor-element elementor-element-b596178\" data-id=\"b596178\" data-element_type=\"column\" data-e-type=\"column\">\n\t\t\t<div class=\"elementor-widget-wrap elementor-element-populated\">\n\t\t\t\t\t\t<div class=\"elementor-element elementor-element-2e29cbd elementor-widget elementor-widget-spacer\" data-id=\"2e29cbd\" data-element_type=\"widget\" data-e-type=\"widget\" data-widget_type=\"spacer.default\">\n\t\t\t\t<div class=\"elementor-widget-container\">\n\t\t\t\t\t\t\t<div class=\"elementor-spacer\">\n\t\t\t<div class=\"elementor-spacer-inner\"><\/div>\n\t\t<\/div>\n\t\t\t\t\t\t<\/div>\n\t\t\t\t<\/div>\n\t\t\t\t\t<\/div>\n\t\t<\/div>\n\t\t\t\t\t<\/div>\n\t\t<\/section>\n\t\t\t\t<section class=\"elementor-section elementor-top-section elementor-element elementor-element-86d4de5 elementor-section-boxed elementor-section-height-default elementor-section-height-default\" data-id=\"86d4de5\" data-element_type=\"section\" data-e-type=\"section\">\n\t\t\t\t\t\t<div class=\"elementor-container elementor-column-gap-default\">\n\t\t\t\t\t<div class=\"elementor-column elementor-col-33 elementor-top-column elementor-element elementor-element-2a92566\" data-id=\"2a92566\" data-element_type=\"column\" data-e-type=\"column\" data-settings=\"{&quot;background_background&quot;:&quot;classic&quot;}\">\n\t\t\t<div class=\"elementor-widget-wrap elementor-element-populated\">\n\t\t\t\t\t\t<div class=\"elementor-element elementor-element-23b04d0 elementor-widget elementor-widget-image\" data-id=\"23b04d0\" data-element_type=\"widget\" data-e-type=\"widget\" data-widget_type=\"image.default\">\n\t\t\t\t<div class=\"elementor-widget-container\">\n\t\t\t\t\t\t\t\t\t\t\t\t\t\t\t<img decoding=\"async\" width=\"300\" height=\"108\" src=\"https:\/\/www.amema-hdf.fr\/wp-content\/uploads\/2024\/07\/backgroundFichier-1512-300x108.png\" class=\"attachment-medium size-medium wp-image-308\" alt=\"\" srcset=\"https:\/\/www.amema-hdf.fr\/wp-content\/uploads\/2024\/07\/backgroundFichier-1512-300x108.png 300w, https:\/\/www.amema-hdf.fr\/wp-content\/uploads\/2024\/07\/backgroundFichier-1512.png 512w\" sizes=\"(max-width: 300px) 100vw, 300px\" \/>\t\t\t\t\t\t\t\t\t\t\t\t\t\t\t<\/div>\n\t\t\t\t<\/div>\n\t\t\t\t\t<\/div>\n\t\t<\/div>\n\t\t\t\t<div class=\"elementor-column elementor-col-66 elementor-top-column elementor-element elementor-element-aef183c\" data-id=\"aef183c\" data-element_type=\"column\" data-e-type=\"column\">\n\t\t\t<div class=\"elementor-widget-wrap elementor-element-populated\">\n\t\t\t\t\t\t<div class=\"elementor-element elementor-element-f4068f9 elementor-widget elementor-widget-text-editor\" data-id=\"f4068f9\" data-element_type=\"widget\" data-e-type=\"widget\" data-widget_type=\"text-editor.default\">\n\t\t\t\t<div class=\"elementor-widget-container\">\n\t\t\t\t\t\t\t\t\t<p><span style=\"color: #000000;\"><span style=\"font-weight: 400;\">Elle met \u00e0 profit la trentaine d\u2019ann\u00e9es d\u2019exp\u00e9rience dans le domaine du social comme \u00e9ducatrice puis coordinatrice, au service de ses autres centres d\u2019int\u00e9r\u00eats que sont les animaux. Pour allier la passion \u00e0 ses comp\u00e9tences en tant que travailleuse sociale. elle s\u2019est form\u00e9e \u00e0 <\/span><b>la m\u00e9diation animale en 2022 au centre de formation AZCO<\/b><span style=\"font-weight: 400;\"> et intervient aupr\u00e8s de personnes en situation de fragilit\u00e9.\u00a0<\/span><\/span><\/p><p><span style=\"color: #000000;\"><span style=\"font-weight: 400;\">Depuis 2023, <\/span><b>Entraineur Comportementaliste Canin certifi\u00e9e<\/b><span style=\"font-weight: 400;\"> (RNCP) par le centre du bien-\u00eatre animal. Ce qui permet d\u2019\u00e9duquer au mieux les partenaires de m\u00e9diation, mais aussi aider les personnes \u00e0 trouver ou retrouver une bonne relation avec leur animal de compagnie.<\/span><\/span><\/p><p><span style=\"color: #000000;\"><span style=\"font-weight: 400;\">\u00c9galement form\u00e9e \u00e0 <\/span><b>PECCRAM<\/b><span style=\"font-weight: 400;\"> (Programme d\u2019Education \u00e0 la Connaissance du chien et au Risque d\u2019Accident par Morsures) afin de permettre aux enfants et adultes de mieux comprendre et connaitre le chien et ainsi \u00e9viter les morsures.<\/span><\/span><\/p><p><span style=\"color: #000000;\"><span style=\"font-weight: 400;\">Ses formations compl\u00e9mentaires<\/span><span style=\"font-weight: 400;\">\u00a0:\u00a0<\/span><\/span><\/p><p><span style=\"color: #000000;\"><b>Formation ACACED &#8211;\u00a0Chiens, Chats et NACS<\/b><span style=\"font-weight: 400;\">\u00a0: \u00ab\u00a0Attestation de Connaissances pour les Animaux de Compagnie d\u2019Esp\u00e8ces Domestiques\u00a0\u00bb.<\/span><\/span><\/p><p><span style=\"color: #000000;\"><b>\u00ab\u00a0Autisme et m\u00e9diation\u00a0\u00bb<\/b><span style=\"font-weight: 400;\"> au centre de formation AZCO<\/span><\/span><\/p><p><span style=\"color: #000000;\"><b>webinaires<\/b><span style=\"font-weight: 400;\"> :\u00a0<\/span><\/span><\/p><p><span style=\"font-weight: 400; color: #000000;\">\u00ab\u00a0Comme chien et chat : vivre dans un foyer multi-esp\u00e8ces\u00a0\u00bb Caroline\u00a0Crevier-Chabot et Lisa Longo<\/span><\/p><p><span style=\"font-weight: 400; color: #000000;\">\u00ab\u00a0D\u00e9buter les soins coop\u00e9ratifs\u00a0\u00bb Iris Castaing<\/span><\/p><p><span style=\"font-weight: 400; color: #000000;\">\u00ab\u00a0comment monter une \u00e9cole du chiot\u00a0\u00bb Camille Nguyen<\/span><\/p><p><span style=\"font-weight: 400; color: #000000;\">\u00ab\u00a0d\u00e9buter en TREIBBALL\u00a0\u00bb Camille Nguyen<\/span><\/p><p><span style=\"color: #000000;\"><b>S\u00e9minaire<\/b><span style=\"font-weight: 400;\">\u00a0<\/span><span style=\"font-weight: 400;\">:<\/span><\/span><\/p><ul><li style=\"font-weight: 400;\" aria-level=\"1\"><span style=\"font-weight: 400; color: #000000;\">Emma PARSONS: \u00ab\u00a0the new click to calm\u201d Avril 2024<\/span><\/li><\/ul>\t\t\t\t\t\t\t\t<\/div>\n\t\t\t\t<\/div>\n\t\t\t\t\t<\/div>\n\t\t<\/div>\n\t\t\t\t\t<\/div>\n\t\t<\/section>\n\t\t\t\t<\/div>\n\t\t","protected":false},"excerpt":{"rendered":"<p>AMEMA est n\u00e9e du d\u00e9sir de mettre en relation des animaux et des personnes en difficult\u00e9 (enfants, personnes \u00e2g\u00e9es, personnes en situation de handicap\u2026), pour cr\u00e9er un \u00e9change dans le respect du bien \u00eatre des uns comme des autres. Une approche bas\u00e9e sur la m\u00e9diation par l\u2019animal pouvant s\u2019inscrire dans un accompagnement social ou une [&hellip;]<\/p>\n","protected":false},"author":1,"featured_media":0,"parent":0,"menu_order":0,"comment_status":"closed","ping_status":"closed","template":"","meta":{"inline_featured_image":false,"footnotes":""},"class_list":["post-139","page","type-page","status-publish","hentry","entry"],"_links":{"self":[{"href":"https:\/\/www.amema-hdf.fr\/bienvenue\/wp-json\/wp\/v2\/pages\/139"}],"collection":[{"href":"https:\/\/www.amema-hdf.fr\/bienvenue\/wp-json\/wp\/v2\/pages"}],"about":[{"href":"https:\/\/www.amema-hdf.fr\/bienvenue\/wp-json\/wp\/v2\/types\/page"}],"author":[{"embeddable":true,"href":"https:\/\/www.amema-hdf.fr\/bienvenue\/wp-json\/wp\/v2\/users\/1"}],"replies":[{"embeddable":true,"href":"https:\/\/www.amema-hdf.fr\/bienvenue\/wp-json\/wp\/v2\/comments?post=139"}],"version-history":[{"count":28,"href":"https:\/\/www.amema-hdf.fr\/bienvenue\/wp-json\/wp\/v2\/pages\/139\/revisions"}],"predecessor-version":[{"id":818,"href":"https:\/\/www.amema-hdf.fr\/bienvenue\/wp-json\/wp\/v2\/pages\/139\/revisions\/818"}],"wp:attachment":[{"href":"https:\/\/www.amema-hdf.fr\/bienvenue\/wp-json\/wp\/v2\/media?parent=139"}],"curies":[{"name":"wp","href":"https:\/\/api.w.org\/{rel}","templated":true}]}}